{"id":232554,"date":"2021-04-28T16:17:22","date_gmt":"2021-04-28T16:17:22","guid":{"rendered":"https:\/\/www.conservaspedroluis.com\/quienes-somos\/"},"modified":"2023-01-24T15:48:24","modified_gmt":"2023-01-24T15:48:24","slug":"qui-sommes-nous","status":"publish","type":"page","link":"https:\/\/www.conservaspedroluis.com\/fr\/qui-sommes-nous\/","title":{"rendered":"Qui sommes-nous"},"content":{"rendered":"<p>[et_pb_section fb_built=\u00a0\u00bb1&Prime; _builder_version=\u00a0\u00bb4.16&Prime; _module_preset=\u00a0\u00bbdefault\u00a0\u00bb global_colors_info=\u00a0\u00bb{}\u00a0\u00bb][et_pb_row _builder_version=\u00a0\u00bb4.16&Prime; global_colors_info=\u00a0\u00bb{}\u00a0\u00bb][et_pb_column type=\u00a0\u00bb4_4&Prime; _builder_version=\u00a0\u00bb4.16&Prime; custom_padding=\u00a0\u00bb|||\u00a0\u00bb global_colors_info=\u00a0\u00bb{}\u00a0\u00bb custom_padding__hover=\u00a0\u00bb|||\u00a0\u00bb][et_pb_text admin_label=\u00a0\u00bbTitle\u00a0\u00bb _builder_version=\u00a0\u00bb4.16&Prime; text_font=\u00a0\u00bb||||||||\u00a0\u00bb header_font=\u00a0\u00bb||||||||\u00a0\u00bb header_2_font=\u00a0\u00bbQuattrocento||||||||\u00a0\u00bb header_2_text_align=\u00a0\u00bbleft\u00a0\u00bb header_2_font_size=\u00a0\u00bb60px\u00a0\u00bb header_2_line_height=\u00a0\u00bb1.3em\u00a0\u00bb text_orientation=\u00a0\u00bbcenter\u00a0\u00bb custom_margin=\u00a0\u00bb||10px|\u00a0\u00bb animation_style=\u00a0\u00bbfade\u00a0\u00bb animation_direction=\u00a0\u00bbleft\u00a0\u00bb animation_starting_opacity=\u00a0\u00bb100%\u00a0\u00bb header_2_font_size_tablet=\u00a0\u00bb40px\u00a0\u00bb header_2_font_size_phone=\u00a0\u00bb\u00a0\u00bb header_2_font_size_last_edited=\u00a0\u00bbon|tablet\u00a0\u00bb global_colors_info=\u00a0\u00bb{}\u00a0\u00bb]<\/p>\n<h2><span class=\"fontstyle0\">Qui sommes-nous<\/span> <\/h2>\n<p>[\/et_pb_text][\/et_pb_column][\/et_pb_row][et_pb_row column_structure=\u00a0\u00bb1_2,1_2&Prime; _builder_version=\u00a0\u00bb4.16&Prime; _module_preset=\u00a0\u00bbdefault\u00a0\u00bb module_alignment=\u00a0\u00bbcenter\u00a0\u00bb global_colors_info=\u00a0\u00bb{}\u00a0\u00bb][et_pb_column type=\u00a0\u00bb1_2&Prime; _builder_version=\u00a0\u00bb4.16&Prime; _module_preset=\u00a0\u00bbdefault\u00a0\u00bb global_colors_info=\u00a0\u00bb{}\u00a0\u00bb][et_pb_text _builder_version=\u00a0\u00bb4.19.4&Prime; text_font=\u00a0\u00bb||||||||\u00a0\u00bb text_letter_spacing=\u00a0\u00bb1px\u00a0\u00bb text_line_height=\u00a0\u00bb2em\u00a0\u00bb text_orientation=\u00a0\u00bbjustified\u00a0\u00bb hover_enabled=\u00a0\u00bb0&Prime; global_colors_info=\u00a0\u00bb{}\u00a0\u00bb sticky_enabled=\u00a0\u00bb0&Prime;]<\/p>\n<p style=\"text-align: justify;\"><span class=\"fontstyle0\">Conservas Pedro Luis est une entreprise familiale fond\u00e9e en 1988, qui se caract\u00e9rise par son fort engagement envers la qualit\u00e9 des produits qu\u2019elle fabrique, et par le respect envers<br \/>l\u2019environnement. Il y a 40 ans, nos parents passaient leur vie \u00e0 cultiver leurs champs. C\u2019est \u00e0 la fin des ann\u00e9es 60 lorsqu\u2019ils commenc\u00e8rent \u00e0 mettre leur propre r\u00e9colte en conserve:<br \/>asperges et poivrons. Aujourd\u2019hui, ils maintiennent cet esprit bien vivant, ainsi que le m\u00eame engagement envers la qualit\u00e9, bas\u00e9 sur un contr\u00f4le exhaustif des cultures et des productions.<\/span><\/p>\n<p>[\/et_pb_text][\/et_pb_column][et_pb_column type=\u00a0\u00bb1_2&Prime; _builder_version=\u00a0\u00bb4.16&Prime; _module_preset=\u00a0\u00bbdefault\u00a0\u00bb global_colors_info=\u00a0\u00bb{}\u00a0\u00bb][et_pb_image src=\u00a0\u00bbhttps:\/\/www.conservaspedroluis.com\/wp-content\/uploads\/2021\/11\/empresa-familiar-img.jpg\u00a0\u00bb title_text=\u00a0\u00bbempresa familiar img\u00a0\u00bb _builder_version=\u00a0\u00bb4.16&Prime; _module_preset=\u00a0\u00bbdefault\u00a0\u00bb custom_margin=\u00a0\u00bb||||false|false\u00a0\u00bb global_colors_info=\u00a0\u00bb{}\u00a0\u00bb][\/et_pb_image][\/et_pb_column][\/et_pb_row][\/et_pb_section][et_pb_section fb_built=\u00a0\u00bb1&Prime; admin_label=\u00a0\u00bbProblem and Solution\u00a0\u00bb _builder_version=\u00a0\u00bb4.16&Prime; background_color=\u00a0\u00bb#282828&Prime; custom_padding=\u00a0\u00bb50px|0px|50px|0px|true|\u00a0\u00bb global_colors_info=\u00a0\u00bb{}\u00a0\u00bb][et_pb_row column_structure=\u00a0\u00bb1_2,1_2&Prime; _builder_version=\u00a0\u00bb4.16&Prime; custom_margin=\u00a0\u00bb2%|||\u00a0\u00bb custom_padding=\u00a0\u00bb|||\u00a0\u00bb animation_style=\u00a0\u00bbflip\u00a0\u00bb global_colors_info=\u00a0\u00bb{}\u00a0\u00bb][et_pb_column type=\u00a0\u00bb1_2&Prime; _builder_version=\u00a0\u00bb4.16&Prime; custom_padding=\u00a0\u00bb|||\u00a0\u00bb global_colors_info=\u00a0\u00bb{}\u00a0\u00bb custom_padding__hover=\u00a0\u00bb|||\u00a0\u00bb][et_pb_text _builder_version=\u00a0\u00bb4.19.4&Prime; text_font=\u00a0\u00bb||||||||\u00a0\u00bb header_font=\u00a0\u00bb||||||||\u00a0\u00bb header_2_font=\u00a0\u00bb||||||||\u00a0\u00bb header_3_font=\u00a0\u00bb|700||on|||||\u00a0\u00bb header_3_text_color=\u00a0\u00bb#edbb5f\u00a0\u00bb header_3_font_size=\u00a0\u00bb27px\u00a0\u00bb header_3_letter_spacing=\u00a0\u00bb1px\u00a0\u00bb header_3_line_height=\u00a0\u00bb1.4em\u00a0\u00bb text_orientation=\u00a0\u00bbjustified\u00a0\u00bb background_layout=\u00a0\u00bbdark\u00a0\u00bb max_width=\u00a0\u00bb550px\u00a0\u00bb custom_margin=\u00a0\u00bb||||false|false\u00a0\u00bb hover_enabled=\u00a0\u00bb0&Prime; global_colors_info=\u00a0\u00bb{}\u00a0\u00bb sticky_enabled=\u00a0\u00bb0&Prime;]<\/p>\n<h3><span class=\"fontstyle0\">PIONNIERS DE L\u2019\u00c9COLOGIE<\/span> <\/h3>\n<p style=\"text-align: justify;\"><span class=\"fontstyle0\">Dans la production \u00e9cologique nous sommes des pionniers, en ayant commenc\u00e9 avec le poivron en 1994, et m\u00eame si nous ne cultivons pas les produits que nous conservons, nous connaissons personnellement tous leurs fournisseurs.<\/span> <\/p>\n<p>[\/et_pb_text][et_pb_image src=\u00a0\u00bbhttps:\/\/www.conservaspedroluis.com\/wp-content\/uploads\/2021\/07\/Bodegon-1.jpg\u00a0\u00bb title_text=\u00a0\u00bbBodegon 1&Prime; url=\u00a0\u00bbhttps:\/\/www.conservaspedroluis.com\/productos\/?wpf=eco_no_eco&#038;wpf_cols=3&#038;wpf_page=1&#038;wpf_nuestras-conservas=productos-ecologico\u00a0\u00bb _builder_version=\u00a0\u00bb4.16&Prime; _module_preset=\u00a0\u00bbdefault\u00a0\u00bb global_colors_info=\u00a0\u00bb{}\u00a0\u00bb][\/et_pb_image][\/et_pb_column][et_pb_column type=\u00a0\u00bb1_2&Prime; _builder_version=\u00a0\u00bb4.16&Prime; custom_padding=\u00a0\u00bb|||\u00a0\u00bb global_colors_info=\u00a0\u00bb{}\u00a0\u00bb custom_padding__hover=\u00a0\u00bb|||\u00a0\u00bb][et_pb_text _builder_version=\u00a0\u00bb4.19.4&Prime; text_font=\u00a0\u00bb||||||||\u00a0\u00bb header_font=\u00a0\u00bb||||||||\u00a0\u00bb header_2_font=\u00a0\u00bb||||||||\u00a0\u00bb header_3_font=\u00a0\u00bb|700||on|||||\u00a0\u00bb header_3_text_color=\u00a0\u00bb#edbb5f\u00a0\u00bb header_3_font_size=\u00a0\u00bb27px\u00a0\u00bb header_3_letter_spacing=\u00a0\u00bb1px\u00a0\u00bb header_3_line_height=\u00a0\u00bb1.4em\u00a0\u00bb text_orientation=\u00a0\u00bbjustified\u00a0\u00bb background_layout=\u00a0\u00bbdark\u00a0\u00bb max_width=\u00a0\u00bb550px\u00a0\u00bb hover_enabled=\u00a0\u00bb0&Prime; global_colors_info=\u00a0\u00bb{}\u00a0\u00bb sticky_enabled=\u00a0\u00bb0&Prime;]<\/p>\n<h3><span class=\"fontstyle0\">UNE GAMME \u00c9TENDUE<\/span> <\/h3>\n<p style=\"text-align: justify;\"><span class=\"fontstyle0\">Ann\u00e9es 2000 Artichaut de Tudela et d\u00e9veloppement d\u2019une gamme \u00e9cologique couvrant toute la conserve v\u00e9g\u00e9tale. \u00c0 une \u00e9poque, la presque totalit\u00e9 des produits \u00e9labor\u00e9s \u00e9taient \u00e9cologiques.<\/span><\/p>\n<p>[\/et_pb_text][et_pb_image src=\u00a0\u00bbhttps:\/\/www.conservaspedroluis.com\/wp-content\/uploads\/2021\/06\/Inicio-alcachofa.jpg\u00a0\u00bb title_text=\u00a0\u00bbInicio alcachofa\u00a0\u00bb url=\u00a0\u00bbhttps:\/\/www.conservaspedroluis.com\/productos\/\u00a0\u00bb _builder_version=\u00a0\u00bb4.16&Prime; _module_preset=\u00a0\u00bbdefault\u00a0\u00bb global_colors_info=\u00a0\u00bb{}\u00a0\u00bb][\/et_pb_image][\/et_pb_column][\/et_pb_row][\/et_pb_section][et_pb_section fb_built=\u00a0\u00bb1&Prime; admin_label=\u00a0\u00bbQuote\u00a0\u00bb _builder_version=\u00a0\u00bb4.16&Prime; background_position=\u00a0\u00bbtop_right\u00a0\u00bb custom_margin=\u00a0\u00bb|||\u00a0\u00bb custom_padding=\u00a0\u00bb72px|0px|72px|0px|true|\u00a0\u00bb global_colors_info=\u00a0\u00bb{}\u00a0\u00bb][et_pb_row _builder_version=\u00a0\u00bb4.16&Prime; custom_padding=\u00a0\u00bb|||\u00a0\u00bb animation_style=\u00a0\u00bbslide\u00a0\u00bb animation_direction=\u00a0\u00bbbottom\u00a0\u00bb animation_intensity_slide=\u00a0\u00bb10%\u00a0\u00bb animation_starting_opacity=\u00a0\u00bb100%\u00a0\u00bb use_custom_width=\u00a0\u00bbon\u00a0\u00bb custom_width_px=\u00a0\u00bb700px\u00a0\u00bb global_colors_info=\u00a0\u00bb{}\u00a0\u00bb][et_pb_column type=\u00a0\u00bb4_4&Prime; _builder_version=\u00a0\u00bb4.16&Prime; background_color=\u00a0\u00bb#ffffff\u00a0\u00bb custom_padding=\u00a0\u00bb|||\u00a0\u00bb global_colors_info=\u00a0\u00bb{}\u00a0\u00bb custom_padding__hover=\u00a0\u00bb|||\u00a0\u00bb][et_pb_text _builder_version=\u00a0\u00bb4.19.4&Prime; text_font=\u00a0\u00bb|700|||||||\u00a0\u00bb text_text_color=\u00a0\u00bb#000000&Prime; text_font_size=\u00a0\u00bb38px\u00a0\u00bb text_line_height=\u00a0\u00bb1.6em\u00a0\u00bb header_font=\u00a0\u00bb||||||||\u00a0\u00bb header_2_font=\u00a0\u00bb||||||||\u00a0\u00bb header_3_font=\u00a0\u00bb|700||on|||||\u00a0\u00bb header_3_text_color=\u00a0\u00bb#df3233&Prime; header_3_font_size=\u00a0\u00bb14px\u00a0\u00bb header_3_letter_spacing=\u00a0\u00bb1px\u00a0\u00bb header_3_line_height=\u00a0\u00bb2em\u00a0\u00bb text_orientation=\u00a0\u00bbcenter\u00a0\u00bb animation_style=\u00a0\u00bbflip\u00a0\u00bb animation_direction=\u00a0\u00bbtop\u00a0\u00bb animation_duration=\u00a0\u00bb1500ms\u00a0\u00bb hover_enabled=\u00a0\u00bb0&Prime; locked=\u00a0\u00bboff\u00a0\u00bb global_colors_info=\u00a0\u00bb{}\u00a0\u00bb sticky_enabled=\u00a0\u00bb0&Prime;]<\/p>\n<h3><span class=\"fontstyle0\">HIER ET AUJOURD\u2019HUI<\/span> <\/h3>\n<p><span class=\"fontstyle0\">\u00ab Nous contr\u00f4lons et surveillons les plantations et les vari\u00e9t\u00e9s ainsi que le moment optimal de la r\u00e9colte \u00bb<\/span> <\/p>\n<p>[\/et_pb_text][et_pb_divider color=\u00a0\u00bb#E02B20&Prime; divider_weight=\u00a0\u00bb2px\u00a0\u00bb _builder_version=\u00a0\u00bb4.16&Prime; max_width=\u00a0\u00bb60px\u00a0\u00bb module_alignment=\u00a0\u00bbcenter\u00a0\u00bb height=\u00a0\u00bb2px\u00a0\u00bb locked=\u00a0\u00bboff\u00a0\u00bb global_colors_info=\u00a0\u00bb{}\u00a0\u00bb][\/et_pb_divider][\/et_pb_column][\/et_pb_row][\/et_pb_section][et_pb_section fb_built=\u00a0\u00bb1&Prime; admin_label=\u00a0\u00bbQuote\u00a0\u00bb _builder_version=\u00a0\u00bb4.16&Prime; background_color=\u00a0\u00bb#fcfcfc\u00a0\u00bb background_position=\u00a0\u00bbtop_right\u00a0\u00bb custom_margin=\u00a0\u00bb|||\u00a0\u00bb custom_padding=\u00a0\u00bb23px|0px|23px|0px|true|\u00a0\u00bb global_colors_info=\u00a0\u00bb{}\u00a0\u00bb][et_pb_row _builder_version=\u00a0\u00bb4.16&Prime; global_colors_info=\u00a0\u00bb{}\u00a0\u00bb][et_pb_column type=\u00a0\u00bb4_4&Prime; _builder_version=\u00a0\u00bb4.16&Prime; custom_padding=\u00a0\u00bb|||\u00a0\u00bb global_colors_info=\u00a0\u00bb{}\u00a0\u00bb custom_padding__hover=\u00a0\u00bb|||\u00a0\u00bb][et_pb_text admin_label=\u00a0\u00bbTitle\u00a0\u00bb _builder_version=\u00a0\u00bb4.19.4&Prime; text_font=\u00a0\u00bb||||||||\u00a0\u00bb header_font=\u00a0\u00bb||||||||\u00a0\u00bb header_2_font=\u00a0\u00bbQuattrocento||||||||\u00a0\u00bb header_2_text_align=\u00a0\u00bbcenter\u00a0\u00bb header_2_font_size=\u00a0\u00bb30px\u00a0\u00bb header_2_line_height=\u00a0\u00bb1.3em\u00a0\u00bb text_orientation=\u00a0\u00bbcenter\u00a0\u00bb custom_margin=\u00a0\u00bb||10px|\u00a0\u00bb animation_style=\u00a0\u00bbfade\u00a0\u00bb animation_direction=\u00a0\u00bbleft\u00a0\u00bb animation_starting_opacity=\u00a0\u00bb100%\u00a0\u00bb hover_enabled=\u00a0\u00bb0&Prime; header_2_font_size_tablet=\u00a0\u00bb40px\u00a0\u00bb header_2_font_size_phone=\u00a0\u00bb\u00a0\u00bb header_2_font_size_last_edited=\u00a0\u00bbon|tablet\u00a0\u00bb global_colors_info=\u00a0\u00bb{}\u00a0\u00bb sticky_enabled=\u00a0\u00bb0&Prime;]<\/p>\n<h2><span class=\"fontstyle0\">Aides \u00e0 l\u2019investissement<\/span> <\/h2>\n<p>[\/et_pb_text][\/et_pb_column][\/et_pb_row][et_pb_row column_structure=\u00a0\u00bb1_2,1_2&Prime; _builder_version=\u00a0\u00bb4.16&Prime; background_color=\u00a0\u00bbRGBA(255,255,255,0)\u00a0\u00bb custom_padding=\u00a0\u00bb|||\u00a0\u00bb animation_style=\u00a0\u00bbslide\u00a0\u00bb animation_direction=\u00a0\u00bbbottom\u00a0\u00bb animation_intensity_slide=\u00a0\u00bb10%\u00a0\u00bb animation_starting_opacity=\u00a0\u00bb100%\u00a0\u00bb use_custom_width=\u00a0\u00bbon\u00a0\u00bb custom_width_px=\u00a0\u00bb700px\u00a0\u00bb global_colors_info=\u00a0\u00bb{}\u00a0\u00bb][et_pb_column type=\u00a0\u00bb1_2&Prime; _builder_version=\u00a0\u00bb4.16&Prime; background_color=\u00a0\u00bbRGBA(255,255,255,0)\u00a0\u00bb custom_padding=\u00a0\u00bb|||\u00a0\u00bb global_colors_info=\u00a0\u00bb{}\u00a0\u00bb custom_padding__hover=\u00a0\u00bb|||\u00a0\u00bb][et_pb_image src=\u00a0\u00bbhttps:\/\/www.conservaspedroluis.com\/wp-content\/uploads\/2021\/11\/AYUDAS-INVERSION.jpg\u00a0\u00bb title_text=\u00a0\u00bbAYUDAS-INVERSION\u00a0\u00bb align=\u00a0\u00bbcenter\u00a0\u00bb _builder_version=\u00a0\u00bb4.18.0&Prime; _module_preset=\u00a0\u00bbdefault\u00a0\u00bb background_color=\u00a0\u00bbRGBA(255,255,255,0)\u00a0\u00bb global_colors_info=\u00a0\u00bb{}\u00a0\u00bb][\/et_pb_image][\/et_pb_column][et_pb_column type=\u00a0\u00bb1_2&Prime; _builder_version=\u00a0\u00bb4.16&Prime; background_color=\u00a0\u00bbRGBA(255,255,255,0)\u00a0\u00bb custom_padding=\u00a0\u00bb|||\u00a0\u00bb global_colors_info=\u00a0\u00bb{}\u00a0\u00bb custom_padding__hover=\u00a0\u00bb|||\u00a0\u00bb][et_pb_image src=\u00a0\u00bbhttps:\/\/www.conservaspedroluis.com\/wp-content\/uploads\/2022\/09\/Ayuda-fonde-eu.webp\u00a0\u00bb alt=\u00a0\u00bbAyuda Eu\u00a0\u00bb title_text=\u00a0\u00bbAyuda fonde eu\u00a0\u00bb align=\u00a0\u00bbcenter\u00a0\u00bb _builder_version=\u00a0\u00bb4.18.0&Prime; _module_preset=\u00a0\u00bbdefault\u00a0\u00bb background_color=\u00a0\u00bbRGBA(255,255,255,0)\u00a0\u00bb global_colors_info=\u00a0\u00bb{}\u00a0\u00bb][\/et_pb_image][\/et_pb_column][\/et_pb_row][\/et_pb_section]<\/p>\n","protected":false},"excerpt":{"rendered":"<p>Qui sommes-nous Conservas Pedro Luis est une entreprise familiale fond\u00e9e en 1988, qui se caract\u00e9rise par son fort engagement envers la qualit\u00e9 des produits qu\u2019elle fabrique, et par le respect enversl\u2019environnement. Il y a 40 ans, nos parents passaient leur vie \u00e0 cultiver leurs champs. C\u2019est \u00e0 la fin des ann\u00e9es 60 lorsqu\u2019ils commenc\u00e8rent \u00e0 [&hellip;]<\/p>\n","protected":false},"author":1,"featured_media":0,"parent":0,"menu_order":0,"comment_status":"closed","ping_status":"closed","template":"","meta":{"_acf_changed":false,"_et_pb_use_builder":"on","_et_pb_old_content":"","_et_gb_content_width":"","footnotes":""},"class_list":["post-232554","page","type-page","status-publish","hentry"],"acf":[],"yoast_head":"<!-- This site is optimized with the Yoast SEO plugin v27.2 - https:\/\/yoast.com\/product\/yoast-seo-wordpress\/ -->\n<title>Qui sommes-nous - Conservas Pedro Luis<\/title>\n<meta name=\"description\" content=\"Conservas Pedro Luis est une entreprise familiale fond\u00e9e en1988, qui se caract\u00e9rise par son fort engagement envers laqualit\u00e9 des produits qu\u2019elle fabrique\" \/>\n<meta name=\"robots\" content=\"index, follow, max-snippet:-1, max-image-preview:large, max-video-preview:-1\" \/>\n<link rel=\"canonical\" href=\"https:\/\/www.conservaspedroluis.com\/fr\/qui-sommes-nous\/\" \/>\n<meta property=\"og:locale\" content=\"fr_FR\" \/>\n<meta property=\"og:type\" content=\"article\" \/>\n<meta property=\"og:title\" content=\"Qui sommes-nous - Conservas Pedro Luis\" \/>\n<meta property=\"og:description\" content=\"Conservas Pedro Luis est une entreprise familiale fond\u00e9e en1988, qui se caract\u00e9rise par son fort engagement envers laqualit\u00e9 des produits qu\u2019elle fabrique\" \/>\n<meta property=\"og:url\" content=\"https:\/\/www.conservaspedroluis.com\/fr\/qui-sommes-nous\/\" \/>\n<meta property=\"og:site_name\" content=\"Conservas Pedro Luis\" \/>\n<meta property=\"article:modified_time\" content=\"2023-01-24T15:48:24+00:00\" \/>\n<meta name=\"twitter:card\" content=\"summary_large_image\" \/>\n<meta name=\"twitter:label1\" content=\"Dur\u00e9e de lecture estim\u00e9e\" \/>\n\t<meta name=\"twitter:data1\" content=\"3 minutes\" \/>\n<script type=\"application\/ld+json\" class=\"yoast-schema-graph\">{\"@context\":\"https:\/\/schema.org\",\"@graph\":[{\"@type\":\"WebPage\",\"@id\":\"https:\/\/www.conservaspedroluis.com\/fr\/qui-sommes-nous\/\",\"url\":\"https:\/\/www.conservaspedroluis.com\/fr\/qui-sommes-nous\/\",\"name\":\"Qui sommes-nous - Conservas Pedro Luis\",\"isPartOf\":{\"@id\":\"https:\/\/www.conservaspedroluis.com\/fr\/#website\"},\"datePublished\":\"2021-04-28T16:17:22+00:00\",\"dateModified\":\"2023-01-24T15:48:24+00:00\",\"description\":\"Conservas Pedro Luis est une entreprise familiale fond\u00e9e en1988, qui se caract\u00e9rise par son fort engagement envers laqualit\u00e9 des produits qu\u2019elle fabrique\",\"breadcrumb\":{\"@id\":\"https:\/\/www.conservaspedroluis.com\/fr\/qui-sommes-nous\/#breadcrumb\"},\"inLanguage\":\"fr-FR\",\"potentialAction\":[{\"@type\":\"ReadAction\",\"target\":[\"https:\/\/www.conservaspedroluis.com\/fr\/qui-sommes-nous\/\"]}]},{\"@type\":\"BreadcrumbList\",\"@id\":\"https:\/\/www.conservaspedroluis.com\/fr\/qui-sommes-nous\/#breadcrumb\",\"itemListElement\":[{\"@type\":\"ListItem\",\"position\":1,\"name\":\"Portada\",\"item\":\"https:\/\/www.conservaspedroluis.com\/fr\/\"},{\"@type\":\"ListItem\",\"position\":2,\"name\":\"Qui sommes-nous\"}]},{\"@type\":\"WebSite\",\"@id\":\"https:\/\/www.conservaspedroluis.com\/fr\/#website\",\"url\":\"https:\/\/www.conservaspedroluis.com\/fr\/\",\"name\":\"Conservas Pedro Luis\",\"description\":\"Tus conservas vegetales en Lodosa, Conservas Gourmet.\",\"potentialAction\":[{\"@type\":\"SearchAction\",\"target\":{\"@type\":\"EntryPoint\",\"urlTemplate\":\"https:\/\/www.conservaspedroluis.com\/fr\/?s={search_term_string}\"},\"query-input\":{\"@type\":\"PropertyValueSpecification\",\"valueRequired\":true,\"valueName\":\"search_term_string\"}}],\"inLanguage\":\"fr-FR\"}]}<\/script>\n<!-- \/ Yoast SEO plugin. -->","yoast_head_json":{"title":"Qui sommes-nous - Conservas Pedro Luis","description":"Conservas Pedro Luis est une entreprise familiale fond\u00e9e en1988, qui se caract\u00e9rise par son fort engagement envers laqualit\u00e9 des produits qu\u2019elle fabrique","robots":{"index":"index","follow":"follow","max-snippet":"max-snippet:-1","max-image-preview":"max-image-preview:large","max-video-preview":"max-video-preview:-1"},"canonical":"https:\/\/www.conservaspedroluis.com\/fr\/qui-sommes-nous\/","og_locale":"fr_FR","og_type":"article","og_title":"Qui sommes-nous - Conservas Pedro Luis","og_description":"Conservas Pedro Luis est une entreprise familiale fond\u00e9e en1988, qui se caract\u00e9rise par son fort engagement envers laqualit\u00e9 des produits qu\u2019elle fabrique","og_url":"https:\/\/www.conservaspedroluis.com\/fr\/qui-sommes-nous\/","og_site_name":"Conservas Pedro Luis","article_modified_time":"2023-01-24T15:48:24+00:00","twitter_card":"summary_large_image","twitter_misc":{"Dur\u00e9e de lecture estim\u00e9e":"3 minutes"},"schema":{"@context":"https:\/\/schema.org","@graph":[{"@type":"WebPage","@id":"https:\/\/www.conservaspedroluis.com\/fr\/qui-sommes-nous\/","url":"https:\/\/www.conservaspedroluis.com\/fr\/qui-sommes-nous\/","name":"Qui sommes-nous - Conservas Pedro Luis","isPartOf":{"@id":"https:\/\/www.conservaspedroluis.com\/fr\/#website"},"datePublished":"2021-04-28T16:17:22+00:00","dateModified":"2023-01-24T15:48:24+00:00","description":"Conservas Pedro Luis est une entreprise familiale fond\u00e9e en1988, qui se caract\u00e9rise par son fort engagement envers laqualit\u00e9 des produits qu\u2019elle fabrique","breadcrumb":{"@id":"https:\/\/www.conservaspedroluis.com\/fr\/qui-sommes-nous\/#breadcrumb"},"inLanguage":"fr-FR","potentialAction":[{"@type":"ReadAction","target":["https:\/\/www.conservaspedroluis.com\/fr\/qui-sommes-nous\/"]}]},{"@type":"BreadcrumbList","@id":"https:\/\/www.conservaspedroluis.com\/fr\/qui-sommes-nous\/#breadcrumb","itemListElement":[{"@type":"ListItem","position":1,"name":"Portada","item":"https:\/\/www.conservaspedroluis.com\/fr\/"},{"@type":"ListItem","position":2,"name":"Qui sommes-nous"}]},{"@type":"WebSite","@id":"https:\/\/www.conservaspedroluis.com\/fr\/#website","url":"https:\/\/www.conservaspedroluis.com\/fr\/","name":"Conservas Pedro Luis","description":"Tus conservas vegetales en Lodosa, Conservas Gourmet.","potentialAction":[{"@type":"SearchAction","target":{"@type":"EntryPoint","urlTemplate":"https:\/\/www.conservaspedroluis.com\/fr\/?s={search_term_string}"},"query-input":{"@type":"PropertyValueSpecification","valueRequired":true,"valueName":"search_term_string"}}],"inLanguage":"fr-FR"}]}},"_links":{"self":[{"href":"https:\/\/www.conservaspedroluis.com\/fr\/wp-json\/wp\/v2\/pages\/232554","targetHints":{"allow":["GET"]}}],"collection":[{"href":"https:\/\/www.conservaspedroluis.com\/fr\/wp-json\/wp\/v2\/pages"}],"about":[{"href":"https:\/\/www.conservaspedroluis.com\/fr\/wp-json\/wp\/v2\/types\/page"}],"author":[{"embeddable":true,"href":"https:\/\/www.conservaspedroluis.com\/fr\/wp-json\/wp\/v2\/users\/1"}],"replies":[{"embeddable":true,"href":"https:\/\/www.conservaspedroluis.com\/fr\/wp-json\/wp\/v2\/comments?post=232554"}],"version-history":[{"count":0,"href":"https:\/\/www.conservaspedroluis.com\/fr\/wp-json\/wp\/v2\/pages\/232554\/revisions"}],"wp:attachment":[{"href":"https:\/\/www.conservaspedroluis.com\/fr\/wp-json\/wp\/v2\/media?parent=232554"}],"curies":[{"name":"wp","href":"https:\/\/api.w.org\/{rel}","templated":true}]}}